
   {"id":455,"date":"2025-07-06T22:23:21","date_gmt":"2025-07-06T22:23:21","guid":{"rendered":"https:\/\/pluralizar.org\/?page_id=455"},"modified":"2025-12-02T12:19:03","modified_gmt":"2025-12-02T12:19:03","slug":"capitulos-de-libro","status":"publish","type":"page","link":"https:\/\/pluralizar.org\/index.php\/materiales\/capitulos-de-libro\/","title":{"rendered":"Cap\u00edtulos de Libro"},"content":{"rendered":"\n<div class=\"wp-block-query has-global-padding is-layout-constrained wp-container-core-query-is-layout-12243e0f wp-block-query-is-layout-constrained\"><ul class=\"columns-1 wp-block-post-template is-layout-grid wp-container-core-post-template-is-layout-33e7cd9c wp-block-post-template-is-layout-grid\"><li class=\"wp-block-post post-884 capitulo_de_libro type-capitulo_de_libro status-publish format-standard hentry category-capitulos-de-libro\">\n\n<div class=\"wp-block-group wow animate__animated animate__slideInUp entrada-archivo has-border-color has-primary-border-color has-base-background-color has-background has-global-padding is-layout-constrained wp-container-core-group-is-layout-cadcbf36 wp-block-group-is-layout-constrained\" style=\"border-width:1px;border-radius:0px;margin-top:0;margin-bottom:var(--wp--preset--spacing--20);padding-top:var(--wp--preset--spacing--20);padding-right:var(--wp--preset--spacing--20);padding-bottom:var(--wp--preset--spacing--20);padding-left:var(--wp--preset--spacing--20)\">\n<div class=\"wp-block-group has-global-padding is-layout-constrained wp-container-core-group-is-layout-990378a1 wp-block-group-is-layout-constrained\">\n\n\n<div class=\"wp-block-group is-layout-flow wp-block-group-is-layout-flow\" style=\"padding-right:0;padding-left:0\"><h2 style=\"font-size:clamp(1.453rem, 1.453rem + ((1vw - 0.2rem) * 1.184), 2.4rem);font-style:normal;font-weight:700;line-height:1; padding-top:var(--wp--preset--spacing--10);padding-bottom:var(--wp--preset--spacing--10);\" class=\"titulo-entrada-archivo wp-block-post-title\"><a href=\"https:\/\/pluralizar.org\/index.php\/capitulo_de_libro\/la-desobediencia-por-otros-medios-elementos-para-una-sociohistoria-del-tdah-en-adultos-en-chile\/\" target=\"_self\" >La (des)obediencia por otros medios. Elementos para una sociohistoria del TDAH en adultos en Chile<\/a><\/h2>\n\n<div style=\"padding-bottom:var(--wp--preset--spacing--10);\" class=\"extracto-entrada-archivo wp-block-post-excerpt\"><p class=\"wp-block-post-excerpt__excerpt\">Hugo Sir R. (2023). \u201cLa (des)obediencia por otros medios. Elementos para una sociohistoria del TDAH en adultos en Chile.\u201d [(Dis)obedience by Other Means: Elements for a Sociohistory of ADHD in Adults in Chile]. En Varios Editores Chile Desbordado: Tensiones, resistencia y construcciones en el siglo XXI. Santiago de Chile: Astrolab.io. <\/p><\/div>\n\n\n<div class=\"wp-block-columns is-layout-flex wp-container-core-columns-is-layout-28f84493 wp-block-columns-is-layout-flex\">\n<div class=\"wp-block-column caja-etiquetas has-border-color has-primary-border-color is-layout-flow wp-block-column-is-layout-flow\" style=\"border-style:solid;border-width:1px;padding-top:0.5rem;padding-right:0.5rem;padding-bottom:0.5rem;padding-left:0.5rem\"><div style=\"font-size:0.8rem;font-style:normal;font-weight:900;text-transform:uppercase\" class=\"taxonomy-category categorias-post wp-block-post-terms\"><a href=\"https:\/\/pluralizar.org\/index.php\/category\/capitulos-de-libro\/\" rel=\"tag\">Cap\u00edtulos de Libro<\/a><\/div><\/div>\n<\/div>\n<\/div>\n<\/div>\n<\/div>\n\n<\/li><li class=\"wp-block-post post-882 capitulo_de_libro type-capitulo_de_libro status-publish format-standard hentry category-capitulos-de-libro\">\n\n<div class=\"wp-block-group wow animate__animated animate__slideInUp entrada-archivo has-border-color has-primary-border-color has-base-background-color has-background has-global-padding is-layout-constrained wp-container-core-group-is-layout-cadcbf36 wp-block-group-is-layout-constrained\" style=\"border-width:1px;border-radius:0px;margin-top:0;margin-bottom:var(--wp--preset--spacing--20);padding-top:var(--wp--preset--spacing--20);padding-right:var(--wp--preset--spacing--20);padding-bottom:var(--wp--preset--spacing--20);padding-left:var(--wp--preset--spacing--20)\">\n<div class=\"wp-block-group has-global-padding is-layout-constrained wp-container-core-group-is-layout-990378a1 wp-block-group-is-layout-constrained\">\n\n\n<div class=\"wp-block-group is-layout-flow wp-block-group-is-layout-flow\" style=\"padding-right:0;padding-left:0\"><h2 style=\"font-size:clamp(1.453rem, 1.453rem + ((1vw - 0.2rem) * 1.184), 2.4rem);font-style:normal;font-weight:700;line-height:1; padding-top:var(--wp--preset--spacing--10);padding-bottom:var(--wp--preset--spacing--10);\" class=\"titulo-entrada-archivo wp-block-post-title\"><a href=\"https:\/\/pluralizar.org\/index.php\/capitulo_de_libro\/los-signos-exteriores-de-la-atencion-en-la-escuela-disciplina-acompanamiento-e-inquietud-posicional\/\" target=\"_self\" >Los signos exteriores de la atenci\u00f3n en la escuela: disciplina, acompa\u00f1amiento e inquietud posicional<\/a><\/h2>\n\n<div style=\"padding-bottom:var(--wp--preset--spacing--10);\" class=\"extracto-entrada-archivo wp-block-post-excerpt\"><p class=\"wp-block-post-excerpt__excerpt\">Hugo Sir R., (2023). \u201cLos signos exteriores de la atenci\u00f3n en la escuela: disciplina, acompa\u00f1amiento e inquietud posicional\u201d [External Signs of Attention in School: Discipline, Support, and Positional Anxiety]. De Sousa Vi\u00e9gas, Lygia; De Oliveira, Elaine; Da Silva, H\u00e9lio (Eds.), Medicaliza\u00e7\u00e3o, a quem ser\u00e1 que se destina: desqualifica\u00e7\u00e3o do sujeito em tempos de neoliberalismo. Salvador&hellip; <\/p><\/div>\n\n\n<div class=\"wp-block-columns is-layout-flex wp-container-core-columns-is-layout-28f84493 wp-block-columns-is-layout-flex\">\n<div class=\"wp-block-column caja-etiquetas has-border-color has-primary-border-color is-layout-flow wp-block-column-is-layout-flow\" style=\"border-style:solid;border-width:1px;padding-top:0.5rem;padding-right:0.5rem;padding-bottom:0.5rem;padding-left:0.5rem\"><div style=\"font-size:0.8rem;font-style:normal;font-weight:900;text-transform:uppercase\" class=\"taxonomy-category categorias-post wp-block-post-terms\"><a href=\"https:\/\/pluralizar.org\/index.php\/category\/capitulos-de-libro\/\" rel=\"tag\">Cap\u00edtulos de Libro<\/a><\/div><\/div>\n<\/div>\n<\/div>\n<\/div>\n<\/div>\n\n<\/li><li class=\"wp-block-post post-881 capitulo_de_libro type-capitulo_de_libro status-publish format-standard hentry category-capitulos-de-libro\">\n\n<div class=\"wp-block-group wow animate__animated animate__slideInUp entrada-archivo has-border-color has-primary-border-color has-base-background-color has-background has-global-padding is-layout-constrained wp-container-core-group-is-layout-cadcbf36 wp-block-group-is-layout-constrained\" style=\"border-width:1px;border-radius:0px;margin-top:0;margin-bottom:var(--wp--preset--spacing--20);padding-top:var(--wp--preset--spacing--20);padding-right:var(--wp--preset--spacing--20);padding-bottom:var(--wp--preset--spacing--20);padding-left:var(--wp--preset--spacing--20)\">\n<div class=\"wp-block-group has-global-padding is-layout-constrained wp-container-core-group-is-layout-990378a1 wp-block-group-is-layout-constrained\">\n\n\n<div class=\"wp-block-group is-layout-flow wp-block-group-is-layout-flow\" style=\"padding-right:0;padding-left:0\"><h2 style=\"font-size:clamp(1.453rem, 1.453rem + ((1vw - 0.2rem) * 1.184), 2.4rem);font-style:normal;font-weight:700;line-height:1; padding-top:var(--wp--preset--spacing--10);padding-bottom:var(--wp--preset--spacing--10);\" class=\"titulo-entrada-archivo wp-block-post-title\"><a href=\"https:\/\/pluralizar.org\/index.php\/capitulo_de_libro\/variations-sociales-et-nationales-autour-du-tda-h-familles-et-ecoles-au-chili-et-en-france\/\" target=\"_self\" >Variations sociales et nationales autour du TDA\/H. Familles et \u00e9coles au Chili et en France<\/a><\/h2>\n\n<div style=\"padding-bottom:var(--wp--preset--spacing--10);\" class=\"extracto-entrada-archivo wp-block-post-excerpt\"><p class=\"wp-block-post-excerpt__excerpt\">Hugo Sir R., Cottet P., Eideliman J-S., Fansten M., Radiszcz E., Velpry L., (2023) \u00ab Variations sociales et nationales autour du TDA\/H. Familles et \u00e9coles au Chili et en France \u00bb [Social and National Variations Around ADHD: Families and Schools in Chile and France], in Caliman L., Citton Y. &amp; Prado Martin M. R., L&#8217;attention&hellip; <\/p><\/div>\n\n\n<div class=\"wp-block-columns is-layout-flex wp-container-core-columns-is-layout-28f84493 wp-block-columns-is-layout-flex\">\n<div class=\"wp-block-column caja-etiquetas has-border-color has-primary-border-color is-layout-flow wp-block-column-is-layout-flow\" style=\"border-style:solid;border-width:1px;padding-top:0.5rem;padding-right:0.5rem;padding-bottom:0.5rem;padding-left:0.5rem\"><div style=\"font-size:0.8rem;font-style:normal;font-weight:900;text-transform:uppercase\" class=\"taxonomy-category categorias-post wp-block-post-terms\"><a href=\"https:\/\/pluralizar.org\/index.php\/category\/capitulos-de-libro\/\" rel=\"tag\">Cap\u00edtulos de Libro<\/a><\/div><\/div>\n<\/div>\n<\/div>\n<\/div>\n<\/div>\n\n<\/li><li class=\"wp-block-post post-879 capitulo_de_libro type-capitulo_de_libro status-publish format-standard hentry category-capitulos-de-libro\">\n\n<div class=\"wp-block-group wow animate__animated animate__slideInUp entrada-archivo has-border-color has-primary-border-color has-base-background-color has-background has-global-padding is-layout-constrained wp-container-core-group-is-layout-cadcbf36 wp-block-group-is-layout-constrained\" style=\"border-width:1px;border-radius:0px;margin-top:0;margin-bottom:var(--wp--preset--spacing--20);padding-top:var(--wp--preset--spacing--20);padding-right:var(--wp--preset--spacing--20);padding-bottom:var(--wp--preset--spacing--20);padding-left:var(--wp--preset--spacing--20)\">\n<div class=\"wp-block-group has-global-padding is-layout-constrained wp-container-core-group-is-layout-990378a1 wp-block-group-is-layout-constrained\">\n\n\n<div class=\"wp-block-group is-layout-flow wp-block-group-is-layout-flow\" style=\"padding-right:0;padding-left:0\"><h2 style=\"font-size:clamp(1.453rem, 1.453rem + ((1vw - 0.2rem) * 1.184), 2.4rem);font-style:normal;font-weight:700;line-height:1; padding-top:var(--wp--preset--spacing--10);padding-bottom:var(--wp--preset--spacing--10);\" class=\"titulo-entrada-archivo wp-block-post-title\"><a href=\"https:\/\/pluralizar.org\/index.php\/capitulo_de_libro\/la-desgubernamentalizacion-del-malestar-racionalidades-logicas-y-disputas-en-la-produccion-de-la-verdad-medica\/\" target=\"_self\" >La (des)gubernamentalizaci\u00f3n del malestar. Racionalidades, l\u00f3gicas y disputas en la producci\u00f3n de la verdad m\u00e9dica<\/a><\/h2>\n\n<div style=\"padding-bottom:var(--wp--preset--spacing--10);\" class=\"extracto-entrada-archivo wp-block-post-excerpt\"><p class=\"wp-block-post-excerpt__excerpt\">Hugo Sir R., Cottet P., Eideliman J-S., Fansten M., Radiszcz E., Velpry L., (2023) \u00ab Variations sociales et nationales autour du TDA\/H. Familles et \u00e9coles au Chili et en France \u00bb [Social and National Variations Around ADHD: Families and Schools in Chile and France], in Caliman L., Citton Y. &amp; Prado Martin M. R., L&#8217;attention&hellip; <\/p><\/div>\n\n\n<div class=\"wp-block-columns is-layout-flex wp-container-core-columns-is-layout-28f84493 wp-block-columns-is-layout-flex\">\n<div class=\"wp-block-column caja-etiquetas has-border-color has-primary-border-color is-layout-flow wp-block-column-is-layout-flow\" style=\"border-style:solid;border-width:1px;padding-top:0.5rem;padding-right:0.5rem;padding-bottom:0.5rem;padding-left:0.5rem\"><div style=\"font-size:0.8rem;font-style:normal;font-weight:900;text-transform:uppercase\" class=\"taxonomy-category categorias-post wp-block-post-terms\"><a href=\"https:\/\/pluralizar.org\/index.php\/category\/capitulos-de-libro\/\" rel=\"tag\">Cap\u00edtulos de Libro<\/a><\/div><\/div>\n<\/div>\n<\/div>\n<\/div>\n<\/div>\n\n<\/li><li class=\"wp-block-post post-847 capitulo_de_libro type-capitulo_de_libro status-publish format-standard hentry category-capitulos-de-libro\">\n\n<div class=\"wp-block-group wow animate__animated animate__slideInUp entrada-archivo has-border-color has-primary-border-color has-base-background-color has-background has-global-padding is-layout-constrained wp-container-core-group-is-layout-cadcbf36 wp-block-group-is-layout-constrained\" style=\"border-width:1px;border-radius:0px;margin-top:0;margin-bottom:var(--wp--preset--spacing--20);padding-top:var(--wp--preset--spacing--20);padding-right:var(--wp--preset--spacing--20);padding-bottom:var(--wp--preset--spacing--20);padding-left:var(--wp--preset--spacing--20)\">\n<div class=\"wp-block-group has-global-padding is-layout-constrained wp-container-core-group-is-layout-990378a1 wp-block-group-is-layout-constrained\">\n\n\n<div class=\"wp-block-group is-layout-flow wp-block-group-is-layout-flow\" style=\"padding-right:0;padding-left:0\"><h2 style=\"font-size:clamp(1.453rem, 1.453rem + ((1vw - 0.2rem) * 1.184), 2.4rem);font-style:normal;font-weight:700;line-height:1; padding-top:var(--wp--preset--spacing--10);padding-bottom:var(--wp--preset--spacing--10);\" class=\"titulo-entrada-archivo wp-block-post-title\"><a href=\"https:\/\/pluralizar.org\/index.php\/capitulo_de_libro\/la-explotacion-esta-en-otra-parte-por-un-materialismo-de-lo-cognitivo\/\" target=\"_self\" >La explotaci\u00f3n est\u00e1 en otra parte: por un materialismo de lo cognitivo<\/a><\/h2>\n\n<div style=\"padding-bottom:var(--wp--preset--spacing--10);\" class=\"extracto-entrada-archivo wp-block-post-excerpt\"><p class=\"wp-block-post-excerpt__excerpt\">Hugo Sir R., (2020). \u201cLa explotaci\u00f3n est\u00e1 en otra parte: por un materialismo de lo cognitivo\u201d [Exploitation Is Elsewhere: Toward a Materialism of the Cognitive]. Moscoso, Pedro y Viu, Antonia (Eds.), Lenguaje y materialidades: trayectorias cruzadas. Santiago: RIL. El prop\u00f3sito del siguiente trabajo es explorar el modo de funcionamiento de la atenci\u00f3n dentro de los&hellip; <\/p><\/div>\n\n\n<div class=\"wp-block-columns is-layout-flex wp-container-core-columns-is-layout-28f84493 wp-block-columns-is-layout-flex\">\n<div class=\"wp-block-column caja-etiquetas has-border-color has-primary-border-color is-layout-flow wp-block-column-is-layout-flow\" style=\"border-style:solid;border-width:1px;padding-top:0.5rem;padding-right:0.5rem;padding-bottom:0.5rem;padding-left:0.5rem\"><div style=\"font-size:0.8rem;font-style:normal;font-weight:900;text-transform:uppercase\" class=\"taxonomy-category categorias-post wp-block-post-terms\"><a href=\"https:\/\/pluralizar.org\/index.php\/category\/capitulos-de-libro\/\" rel=\"tag\">Cap\u00edtulos de Libro<\/a><\/div><\/div>\n<\/div>\n<\/div>\n<\/div>\n<\/div>\n\n<\/li><\/ul>\n\n<\/div>\n","protected":false},"excerpt":{"rendered":"","protected":false},"author":2,"featured_media":0,"parent":448,"menu_order":0,"comment_status":"closed","ping_status":"closed","template":"","meta":{"_acf_changed":false,"footnotes":""},"class_list":["post-455","page","type-page","status-publish","hentry"],"mb":[],"acf":[],"mfb_rest_fields":["title"],"_links":{"self":[{"href":"https:\/\/pluralizar.org\/index.php\/wp-json\/wp\/v2\/pages\/455","targetHints":{"allow":["GET"]}}],"collection":[{"href":"https:\/\/pluralizar.org\/index.php\/wp-json\/wp\/v2\/pages"}],"about":[{"href":"https:\/\/pluralizar.org\/index.php\/wp-json\/wp\/v2\/types\/page"}],"author":[{"embeddable":true,"href":"https:\/\/pluralizar.org\/index.php\/wp-json\/wp\/v2\/users\/2"}],"replies":[{"embeddable":true,"href":"https:\/\/pluralizar.org\/index.php\/wp-json\/wp\/v2\/comments?post=455"}],"version-history":[{"count":3,"href":"https:\/\/pluralizar.org\/index.php\/wp-json\/wp\/v2\/pages\/455\/revisions"}],"predecessor-version":[{"id":931,"href":"https:\/\/pluralizar.org\/index.php\/wp-json\/wp\/v2\/pages\/455\/revisions\/931"}],"up":[{"embeddable":true,"href":"https:\/\/pluralizar.org\/index.php\/wp-json\/wp\/v2\/pages\/448"}],"wp:attachment":[{"href":"https:\/\/pluralizar.org\/index.php\/wp-json\/wp\/v2\/media?parent=455"}],"curies":[{"name":"wp","href":"https:\/\/api.w.org\/{rel}","templated":true}]}}