
   {"id":427,"date":"2025-07-06T21:30:21","date_gmt":"2025-07-06T21:30:21","guid":{"rendered":"https:\/\/pluralizar.org\/?page_id=427"},"modified":"2025-12-02T12:16:10","modified_gmt":"2025-12-02T12:16:10","slug":"articulos","status":"publish","type":"page","link":"https:\/\/pluralizar.org\/index.php\/materiales\/articulos\/","title":{"rendered":"Art\u00edculos"},"content":{"rendered":"\n<div class=\"wp-block-query has-global-padding is-layout-constrained wp-container-core-query-is-layout-12243e0f wp-block-query-is-layout-constrained\"><ul class=\"columns-1 wp-block-post-template is-layout-grid wp-container-core-post-template-is-layout-33e7cd9c wp-block-post-template-is-layout-grid\"><li class=\"wp-block-post post-1010 articulos type-articulos status-publish format-standard hentry\">\n\n<div class=\"wp-block-group wow animate__animated animate__slideInUp entrada-archivo has-border-color has-primary-border-color has-base-background-color has-background has-global-padding is-layout-constrained wp-container-core-group-is-layout-cadcbf36 wp-block-group-is-layout-constrained\" style=\"border-width:1px;border-radius:0px;margin-top:0;margin-bottom:var(--wp--preset--spacing--20);padding-top:var(--wp--preset--spacing--20);padding-right:var(--wp--preset--spacing--20);padding-bottom:var(--wp--preset--spacing--20);padding-left:var(--wp--preset--spacing--20)\">\n<div class=\"wp-block-group has-global-padding is-layout-constrained wp-container-core-group-is-layout-990378a1 wp-block-group-is-layout-constrained\">\n\n\n<div class=\"wp-block-group is-layout-flow wp-block-group-is-layout-flow\" style=\"padding-right:0;padding-left:0\"><h2 style=\"font-size:clamp(1.453rem, 1.453rem + ((1vw - 0.2rem) * 1.184), 2.4rem);font-style:normal;font-weight:700;line-height:1; padding-top:var(--wp--preset--spacing--10);padding-bottom:var(--wp--preset--spacing--10);\" class=\"titulo-entrada-archivo wp-block-post-title\"><a href=\"https:\/\/pluralizar.org\/index.php\/articulos\/pharmacological-microcontroversies-and-civilizationalgrammars-around-adhd-in-chile\/\" target=\"_self\" >Pharmacological Microcontroversies and\u00a0CivilizationalGrammars Around ADHD in\u00a0Chile<\/a><\/h2>\n\n<div style=\"padding-bottom:var(--wp--preset--spacing--10);\" class=\"extracto-entrada-archivo wp-block-post-excerpt\"><p class=\"wp-block-post-excerpt__excerpt\">Radiszcz, E., Sir, H., &amp; Pinto, J. P. (2026). Pharmacological microcontroversies and civilizational grammars around ADHD in Chile. Culture, Medicine, and Psychiatry. 50:22. Resumen : Este art\u00edculo examina las microcontroversias farmacol\u00f3gicas (MCF) en torno al trastorno por d\u00e9ficit de atenci\u00f3n con hiperactividad (TDAH) en Chile, a partir de una etnograf\u00eda comparativa y multisituada en cuatro&hellip; <\/p><\/div>\n\n\n<div class=\"wp-block-columns is-layout-flex wp-container-core-columns-is-layout-28f84493 wp-block-columns-is-layout-flex\">\n<div class=\"wp-block-column caja-etiquetas has-border-color has-primary-border-color is-layout-flow wp-block-column-is-layout-flow\" style=\"border-style:solid;border-width:1px;padding-top:0.5rem;padding-right:0.5rem;padding-bottom:0.5rem;padding-left:0.5rem\"><\/div>\n<\/div>\n<\/div>\n<\/div>\n<\/div>\n\n<\/li><li class=\"wp-block-post post-893 articulos type-articulos status-publish format-standard hentry category-articulos\">\n\n<div class=\"wp-block-group wow animate__animated animate__slideInUp entrada-archivo has-border-color has-primary-border-color has-base-background-color has-background has-global-padding is-layout-constrained wp-container-core-group-is-layout-cadcbf36 wp-block-group-is-layout-constrained\" style=\"border-width:1px;border-radius:0px;margin-top:0;margin-bottom:var(--wp--preset--spacing--20);padding-top:var(--wp--preset--spacing--20);padding-right:var(--wp--preset--spacing--20);padding-bottom:var(--wp--preset--spacing--20);padding-left:var(--wp--preset--spacing--20)\">\n<div class=\"wp-block-group has-global-padding is-layout-constrained wp-container-core-group-is-layout-990378a1 wp-block-group-is-layout-constrained\">\n\n\n<div class=\"wp-block-group is-layout-flow wp-block-group-is-layout-flow\" style=\"padding-right:0;padding-left:0\"><h2 style=\"font-size:clamp(1.453rem, 1.453rem + ((1vw - 0.2rem) * 1.184), 2.4rem);font-style:normal;font-weight:700;line-height:1; padding-top:var(--wp--preset--spacing--10);padding-bottom:var(--wp--preset--spacing--10);\" class=\"titulo-entrada-archivo wp-block-post-title\"><a href=\"https:\/\/pluralizar.org\/index.php\/articulos\/the-politics-of-error-rethinking-the-power-of-the-symptom-in-the-case-of-adhd-diagnosis-in-chilean-society\/\" target=\"_self\" >The Politics of Error: Rethinking the Power of the Symptom in the Case of ADHD Diagnosis in Chilean Society<\/a><\/h2>\n\n<div style=\"padding-bottom:var(--wp--preset--spacing--10);\" class=\"extracto-entrada-archivo wp-block-post-excerpt\"><p class=\"wp-block-post-excerpt__excerpt\">Radiszcz, Esteban y Sir, Hugo (2018). \u201cThe Politics of Error: Rethinking the Power of the Symptom in the Case of ADHD Diagnosis in Chilean Society\u201d. Journal of Social and Political Psychology. 6(2): 711-727. Abstract: This article seeks, mainly, to develop a critical approach to the problem of Attention Deficit Hyperactivity Disorder (ADHD) and, through this,&hellip; <\/p><\/div>\n\n\n<div class=\"wp-block-columns is-layout-flex wp-container-core-columns-is-layout-28f84493 wp-block-columns-is-layout-flex\">\n<div class=\"wp-block-column caja-etiquetas has-border-color has-primary-border-color is-layout-flow wp-block-column-is-layout-flow\" style=\"border-style:solid;border-width:1px;padding-top:0.5rem;padding-right:0.5rem;padding-bottom:0.5rem;padding-left:0.5rem\"><div style=\"font-size:0.8rem;font-style:normal;font-weight:900;text-transform:uppercase\" class=\"taxonomy-category categorias-post wp-block-post-terms\"><a href=\"https:\/\/pluralizar.org\/index.php\/category\/articulos\/\" rel=\"tag\">Art\u00edculos<\/a><\/div><\/div>\n<\/div>\n<\/div>\n<\/div>\n<\/div>\n\n<\/li><li class=\"wp-block-post post-891 articulos type-articulos status-publish format-standard hentry category-articulos\">\n\n<div class=\"wp-block-group wow animate__animated animate__slideInUp entrada-archivo has-border-color has-primary-border-color has-base-background-color has-background has-global-padding is-layout-constrained wp-container-core-group-is-layout-cadcbf36 wp-block-group-is-layout-constrained\" style=\"border-width:1px;border-radius:0px;margin-top:0;margin-bottom:var(--wp--preset--spacing--20);padding-top:var(--wp--preset--spacing--20);padding-right:var(--wp--preset--spacing--20);padding-bottom:var(--wp--preset--spacing--20);padding-left:var(--wp--preset--spacing--20)\">\n<div class=\"wp-block-group has-global-padding is-layout-constrained wp-container-core-group-is-layout-990378a1 wp-block-group-is-layout-constrained\">\n\n\n<div class=\"wp-block-group is-layout-flow wp-block-group-is-layout-flow\" style=\"padding-right:0;padding-left:0\"><h2 style=\"font-size:clamp(1.453rem, 1.453rem + ((1vw - 0.2rem) * 1.184), 2.4rem);font-style:normal;font-weight:700;line-height:1; padding-top:var(--wp--preset--spacing--10);padding-bottom:var(--wp--preset--spacing--10);\" class=\"titulo-entrada-archivo wp-block-post-title\"><a href=\"https:\/\/pluralizar.org\/index.php\/articulos\/the-multiple-meanings-of-adhd-between-deficit-disruption-and-hidden-potential\/\" target=\"_self\" >The multiple meanings of ADHD: between deficit, disruption and hidden potential<\/a><\/h2>\n\n<div style=\"padding-bottom:var(--wp--preset--spacing--10);\" class=\"extracto-entrada-archivo wp-block-post-excerpt\"><p class=\"wp-block-post-excerpt__excerpt\">Jim\u00e9nez, \u00c1lvaro; Le Goff, Alice; B\u00e9liard, Aude; D\u00edaz-Vald\u00e9s, Javiera; Mougel, Sarra; Sir, Hugo. (2019). \u201cThe multiple meanings of ADHD: between deficit, disruption and hidden potential\u201d. Saude e Sociedade. 28(1): 55-74. Abstract: The purpose of this article is to describe the subjective experience of the diagnosis of Attention Deficit and Hyperactivity Disorder (ADHD) and the cultural&hellip; <\/p><\/div>\n\n\n<div class=\"wp-block-columns is-layout-flex wp-container-core-columns-is-layout-28f84493 wp-block-columns-is-layout-flex\">\n<div class=\"wp-block-column caja-etiquetas has-border-color has-primary-border-color is-layout-flow wp-block-column-is-layout-flow\" style=\"border-style:solid;border-width:1px;padding-top:0.5rem;padding-right:0.5rem;padding-bottom:0.5rem;padding-left:0.5rem\"><div style=\"font-size:0.8rem;font-style:normal;font-weight:900;text-transform:uppercase\" class=\"taxonomy-category categorias-post wp-block-post-terms\"><a href=\"https:\/\/pluralizar.org\/index.php\/category\/articulos\/\" rel=\"tag\">Art\u00edculos<\/a><\/div><\/div>\n<\/div>\n<\/div>\n<\/div>\n<\/div>\n\n<\/li><li class=\"wp-block-post post-889 articulos type-articulos status-publish format-standard hentry category-articulos\">\n\n<div class=\"wp-block-group wow animate__animated animate__slideInUp entrada-archivo has-border-color has-primary-border-color has-base-background-color has-background has-global-padding is-layout-constrained wp-container-core-group-is-layout-cadcbf36 wp-block-group-is-layout-constrained\" style=\"border-width:1px;border-radius:0px;margin-top:0;margin-bottom:var(--wp--preset--spacing--20);padding-top:var(--wp--preset--spacing--20);padding-right:var(--wp--preset--spacing--20);padding-bottom:var(--wp--preset--spacing--20);padding-left:var(--wp--preset--spacing--20)\">\n<div class=\"wp-block-group has-global-padding is-layout-constrained wp-container-core-group-is-layout-990378a1 wp-block-group-is-layout-constrained\">\n\n\n<div class=\"wp-block-group is-layout-flow wp-block-group-is-layout-flow\" style=\"padding-right:0;padding-left:0\"><h2 style=\"font-size:clamp(1.453rem, 1.453rem + ((1vw - 0.2rem) * 1.184), 2.4rem);font-style:normal;font-weight:700;line-height:1; padding-top:var(--wp--preset--spacing--10);padding-bottom:var(--wp--preset--spacing--10);\" class=\"titulo-entrada-archivo wp-block-post-title\"><a href=\"https:\/\/pluralizar.org\/index.php\/articulos\/exceso-de-atencion-de-la-composicion-de-un-trastorno-en-la-escuela-chilena\/\" target=\"_self\" >Exceso De Atenci\u00f3n: De La Composici\u00f3n De Un Trastorno en La Escuela Chilena<\/a><\/h2>\n\n<div style=\"padding-bottom:var(--wp--preset--spacing--10);\" class=\"extracto-entrada-archivo wp-block-post-excerpt\"><p class=\"wp-block-post-excerpt__excerpt\">Hugo Sir R., Casta\u00f1eda, Isis y Radiszcz, Esteban. (2019). \u201cExceso De Atenci\u00f3n: De La Composici\u00f3n De Un Trastorno en La Escuela Chilena\u201d. Pr\u00e1xis Educacional. 15(36): 131-153. Abstract: The aim of this article is to explore the epistemic and practical conditions of production of the diagnosis of ADHD in Chilean schools. It develops along two main&hellip; <\/p><\/div>\n\n\n<div class=\"wp-block-columns is-layout-flex wp-container-core-columns-is-layout-28f84493 wp-block-columns-is-layout-flex\">\n<div class=\"wp-block-column caja-etiquetas has-border-color has-primary-border-color is-layout-flow wp-block-column-is-layout-flow\" style=\"border-style:solid;border-width:1px;padding-top:0.5rem;padding-right:0.5rem;padding-bottom:0.5rem;padding-left:0.5rem\"><div style=\"font-size:0.8rem;font-style:normal;font-weight:900;text-transform:uppercase\" class=\"taxonomy-category categorias-post wp-block-post-terms\"><a href=\"https:\/\/pluralizar.org\/index.php\/category\/articulos\/\" rel=\"tag\">Art\u00edculos<\/a><\/div><\/div>\n<\/div>\n<\/div>\n<\/div>\n<\/div>\n\n<\/li><li class=\"wp-block-post post-886 articulos type-articulos status-publish format-standard hentry category-articulos\">\n\n<div class=\"wp-block-group wow animate__animated animate__slideInUp entrada-archivo has-border-color has-primary-border-color has-base-background-color has-background has-global-padding is-layout-constrained wp-container-core-group-is-layout-cadcbf36 wp-block-group-is-layout-constrained\" style=\"border-width:1px;border-radius:0px;margin-top:0;margin-bottom:var(--wp--preset--spacing--20);padding-top:var(--wp--preset--spacing--20);padding-right:var(--wp--preset--spacing--20);padding-bottom:var(--wp--preset--spacing--20);padding-left:var(--wp--preset--spacing--20)\">\n<div class=\"wp-block-group has-global-padding is-layout-constrained wp-container-core-group-is-layout-990378a1 wp-block-group-is-layout-constrained\">\n\n\n<div class=\"wp-block-group is-layout-flow wp-block-group-is-layout-flow\" style=\"padding-right:0;padding-left:0\"><h2 style=\"font-size:clamp(1.453rem, 1.453rem + ((1vw - 0.2rem) * 1.184), 2.4rem);font-style:normal;font-weight:700;line-height:1; padding-top:var(--wp--preset--spacing--10);padding-bottom:var(--wp--preset--spacing--10);\" class=\"titulo-entrada-archivo wp-block-post-title\"><a href=\"https:\/\/pluralizar.org\/index.php\/articulos\/el-tdah-como-arreglo-entre-la-medicalizacion-y-la-neurodiversidad\/\" target=\"_self\" >El TDAH como arreglo: entre la medicalizaci\u00f3n y la neurodiversidad<\/a><\/h2>\n\n<div style=\"padding-bottom:var(--wp--preset--spacing--10);\" class=\"extracto-entrada-archivo wp-block-post-excerpt\"><p class=\"wp-block-post-excerpt__excerpt\">Hugo Sir R., (Aceptado). El TDAH como arreglo: entre la medicalizaci\u00f3n y la neurodiversidad. En: Perspectiva, revista do centro de ciencias da educa\u00e7ao, 43(1): 1-24. Resumen: Este art\u00edculo ofrece una lectura afectiva de las pr\u00e1cticas atencionales de personas adultas diagnosticadas con TDAH para diversificar las narrativas disponibles m\u00e1s all\u00e1 de la medicalizaci\u00f3n y de versiones&hellip; <\/p><\/div>\n\n\n<div class=\"wp-block-columns is-layout-flex wp-container-core-columns-is-layout-28f84493 wp-block-columns-is-layout-flex\">\n<div class=\"wp-block-column caja-etiquetas has-border-color has-primary-border-color is-layout-flow wp-block-column-is-layout-flow\" style=\"border-style:solid;border-width:1px;padding-top:0.5rem;padding-right:0.5rem;padding-bottom:0.5rem;padding-left:0.5rem\"><div style=\"font-size:0.8rem;font-style:normal;font-weight:900;text-transform:uppercase\" class=\"taxonomy-category categorias-post wp-block-post-terms\"><a href=\"https:\/\/pluralizar.org\/index.php\/category\/articulos\/\" rel=\"tag\">Art\u00edculos<\/a><\/div><\/div>\n<\/div>\n<\/div>\n<\/div>\n<\/div>\n\n<\/li><li class=\"wp-block-post post-228 articulos type-articulos status-publish format-standard hentry category-articulos\">\n\n<div class=\"wp-block-group wow animate__animated animate__slideInUp entrada-archivo has-border-color has-primary-border-color has-base-background-color has-background has-global-padding is-layout-constrained wp-container-core-group-is-layout-cadcbf36 wp-block-group-is-layout-constrained\" style=\"border-width:1px;border-radius:0px;margin-top:0;margin-bottom:var(--wp--preset--spacing--20);padding-top:var(--wp--preset--spacing--20);padding-right:var(--wp--preset--spacing--20);padding-bottom:var(--wp--preset--spacing--20);padding-left:var(--wp--preset--spacing--20)\">\n<div class=\"wp-block-group has-global-padding is-layout-constrained wp-container-core-group-is-layout-990378a1 wp-block-group-is-layout-constrained\">\n\n\n<div class=\"wp-block-group is-layout-flow wp-block-group-is-layout-flow\" style=\"padding-right:0;padding-left:0\"><h2 style=\"font-size:clamp(1.453rem, 1.453rem + ((1vw - 0.2rem) * 1.184), 2.4rem);font-style:normal;font-weight:700;line-height:1; padding-top:var(--wp--preset--spacing--10);padding-bottom:var(--wp--preset--spacing--10);\" class=\"titulo-entrada-archivo wp-block-post-title\"><a href=\"https:\/\/pluralizar.org\/index.php\/articulos\/the-hunter-hypothesis-ancestral-etiologies-and-political-imaginations-around-adult-adhd-in-chile-science-technology-human-value\/\" target=\"_self\" >The hunter hypothesis. Ancestral etiologies and political imaginations around adult ADHD in Chile. \ufeffScience, Technology, &#038; Human Value<\/a><\/h2>\n\n<div style=\"padding-bottom:var(--wp--preset--spacing--10);\" class=\"extracto-entrada-archivo wp-block-post-excerpt\"><p class=\"wp-block-post-excerpt__excerpt\">Hugo Sir R., (Aceptado). The hunter hypothesis. Ancestral etiologies and political imaginations around adult ADHD in Chile. En Science, Technology, &amp; Human Values. Abstract: In this paper, I examine the social, subjective, and scientific implications of the hunter hypothesis, an evolutionary etiology for Attention Deficit Hyperactivity Disorder (ADHD). By tracing its presence in Chilean \u2018everyday&hellip; <\/p><\/div>\n\n\n<div class=\"wp-block-columns is-layout-flex wp-container-core-columns-is-layout-28f84493 wp-block-columns-is-layout-flex\">\n<div class=\"wp-block-column caja-etiquetas has-border-color has-primary-border-color is-layout-flow wp-block-column-is-layout-flow\" style=\"border-style:solid;border-width:1px;padding-top:0.5rem;padding-right:0.5rem;padding-bottom:0.5rem;padding-left:0.5rem\"><div style=\"font-size:0.8rem;font-style:normal;font-weight:900;text-transform:uppercase\" class=\"taxonomy-category categorias-post wp-block-post-terms\"><a href=\"https:\/\/pluralizar.org\/index.php\/category\/articulos\/\" rel=\"tag\">Art\u00edculos<\/a><\/div><\/div>\n<\/div>\n<\/div>\n<\/div>\n<\/div>\n\n<\/li><\/ul>\n\n<\/div>\n","protected":false},"excerpt":{"rendered":"","protected":false},"author":2,"featured_media":0,"parent":448,"menu_order":0,"comment_status":"closed","ping_status":"closed","template":"","meta":{"_acf_changed":false,"footnotes":""},"class_list":["post-427","page","type-page","status-publish","hentry"],"mb":[],"acf":[],"mfb_rest_fields":["title"],"_links":{"self":[{"href":"https:\/\/pluralizar.org\/index.php\/wp-json\/wp\/v2\/pages\/427","targetHints":{"allow":["GET"]}}],"collection":[{"href":"https:\/\/pluralizar.org\/index.php\/wp-json\/wp\/v2\/pages"}],"about":[{"href":"https:\/\/pluralizar.org\/index.php\/wp-json\/wp\/v2\/types\/page"}],"author":[{"embeddable":true,"href":"https:\/\/pluralizar.org\/index.php\/wp-json\/wp\/v2\/users\/2"}],"replies":[{"embeddable":true,"href":"https:\/\/pluralizar.org\/index.php\/wp-json\/wp\/v2\/comments?post=427"}],"version-history":[{"count":33,"href":"https:\/\/pluralizar.org\/index.php\/wp-json\/wp\/v2\/pages\/427\/revisions"}],"predecessor-version":[{"id":929,"href":"https:\/\/pluralizar.org\/index.php\/wp-json\/wp\/v2\/pages\/427\/revisions\/929"}],"up":[{"embeddable":true,"href":"https:\/\/pluralizar.org\/index.php\/wp-json\/wp\/v2\/pages\/448"}],"wp:attachment":[{"href":"https:\/\/pluralizar.org\/index.php\/wp-json\/wp\/v2\/media?parent=427"}],"curies":[{"name":"wp","href":"https:\/\/api.w.org\/{rel}","templated":true}]}}