
   {"id":847,"date":"2025-11-29T19:57:09","date_gmt":"2025-11-29T19:57:09","guid":{"rendered":"https:\/\/pluralizar.org\/?post_type=capitulo_de_libro&#038;p=847"},"modified":"2025-11-30T00:48:23","modified_gmt":"2025-11-30T00:48:23","slug":"la-explotacion-esta-en-otra-parte-por-un-materialismo-de-lo-cognitivo","status":"publish","type":"capitulo_de_libro","link":"https:\/\/pluralizar.org\/index.php\/capitulo_de_libro\/la-explotacion-esta-en-otra-parte-por-un-materialismo-de-lo-cognitivo\/","title":{"rendered":"La explotaci\u00f3n est\u00e1 en otra parte: por un materialismo de lo cognitivo"},"content":{"rendered":"\n<p><strong><em>Hugo Sir R., (2020). \u201cLa explotaci\u00f3n est\u00e1 en otra parte: por un materialismo de lo cognitivo\u201d [Exploitation Is Elsewhere: Toward a Materialism of the Cognitive]. Moscoso, Pedro y Viu, Antonia (Eds.), Lenguaje y materialidades: trayectorias cruzadas. Santiago: RIL.<\/em><\/strong><\/p>\n\n\n\n<p>El prop\u00f3sito del siguiente trabajo es explorar el modo de funcionamiento de la atenci\u00f3n dentro de los reg\u00edmenes de explotaci\u00f3n laboral contempor\u00e1neos. A partir de la constataci\u00f3n ampliamente extendida de que merced al despliegue de las m\u00e1quinas informacionales, se transforman los reg\u00edmenes atencionales, es decir, los modos y exigencias que se ciernen sobre nuestras capacidades de prestar atenci\u00f3n especialmente con relaci\u00f3n a las pr\u00e1cticas laborales; buscamos indagar en una hip\u00f3tesis te\u00f3rica de trabajo . La hip\u00f3tesis es la siguiente: la forma de explotaci\u00f3n m\u00e1s general dentro de las relaciones de producci\u00f3n capitalista y que Marx describe bajo la f\u00f3rmula de la plusval\u00eda encierra una cierta coincidencia de dos interfaces: tiempo y atenci\u00f3n. Cuesti\u00f3n que, sin embargo, el desarrollo de las m\u00e1quinas informacionales, con la consecuente emergencia de lo que se ha dado en llamar, entre otras formas, post-fordismo o capitalismo cognitivo, ha modificado. En ese sentido no ser\u00eda tanto el tiempo el principal mecanismo de extorsi\u00f3n del trabajo vivo, sino la atenci\u00f3n. Evidentemente, ambas funcionan juntas, pero lo que se busca problematizar es la noci\u00f3n un tanto simplificada de que es posible reducir las tasas de explotaci\u00f3n laboral reduciendo la duraci\u00f3n formal de las jornadas. En efecto, ciertas complejidades se hacen evidentes en problemas asociados: la dificultad generalizada para separar claramente cuando se est\u00e1 trabajando y cuando no, as\u00ed como la aseveraci\u00f3n de \u201cser due\u00f1-s de mi tiempo\u201d, que se vuelve com\u00fan en diferentes formas de empleo precario (desde repartidor-s y conductor-s, a acad\u00e9mic-s y \u2018emprendedor-s\u2019) y que puede f\u00e1cilmente interpretarse como un auto-enga\u00f1o. Sin embargo, partimos ac\u00e1 del punto de vista contrario, es decir, de la veracidad de aquella experiencia precaria, para comprender c\u00f3mo es que la atenci\u00f3n se vuelve una interfaz de extorsi\u00f3n predominante, la cual captura tiempo m\u00e1s all\u00e1 de los l\u00edmites formalmente establecidos para las pr\u00e1cticas laborales. En otras palabras, ya no basta con salir de la f\u00e1brica, puesto que la atenci\u00f3n sigue siendo interpelada durante toda nuestra circulaci\u00f3n en el espacio social. Para tal prop\u00f3sito revis\u00e1remos la relaci\u00f3n entre tiempo y atenci\u00f3n en la teor\u00eda de la plusval\u00eda de Marx, se\u00f1alando ciertos indicios que nos permiten reflexionar este v\u00ednculo en la extorsi\u00f3n de trabajo vivo. A continuaci\u00f3n, indagamos en las aproximaciones de la llamada econom\u00eda de la atenci\u00f3n, en di\u00e1logo con ciertas reflexiones asociadas a la idea del capitalismo cognitivo, recorriendo junto a ello otras formas de comprender los procesos de explotaci\u00f3n. Finalmente, retomamos la experiencia de ser due\u00f1.s del tiempo con la que comienza nuestro art\u00edculo para profundizar en la relaci\u00f3n entre las cargas atencionales, las formas emergentes de extorsi\u00f3n de trabajo y las formas de producir(se) singularidad.<\/p>\n\n\n\n<div class=\"wp-block-pdfjsblock-pdfjs-embed pdfjs-wrapper\"><\/div>\n","protected":false},"excerpt":{"rendered":"<p>Hugo Sir R., (2020). \u201cLa explotaci\u00f3n est\u00e1 en otra parte: por un materialismo de lo cognitivo\u201d [Exploitation Is Elsewhere: Toward a Materialism of the Cognitive]. Moscoso, Pedro y Viu, Antonia (Eds.), Lenguaje y materialidades: trayectorias cruzadas. Santiago: RIL. El prop\u00f3sito del siguiente trabajo es explorar el modo de funcionamiento de la atenci\u00f3n dentro de los [&hellip;]<\/p>\n","protected":false},"author":2,"featured_media":0,"menu_order":0,"template":"capitulo-de-libro","format":"standard","meta":{"_acf_changed":true},"categories":[27],"tags":[],"class_list":["post-847","capitulo_de_libro","type-capitulo_de_libro","status-publish","format-standard","hentry","category-capitulos-de-libro"],"acf":{"autor_de_la_publicacion":{"simple_value_formatted":"Hugo Sir R.","value_formatted":"Hugo Sir R.","value":"Hugo Sir R.","field":{"ID":268,"key":"field_68497f4bb77ce","label":"Autor de la Publicaci\u00f3n","name":"autor_de_la_publicacion","aria-label":"","prefix":"acf","type":"text","value":null,"menu_order":0,"instructions":"","required":0,"id":"","class":"","conditional_logic":0,"parent":267,"wrapper":{"width":"","class":"","id":""},"default_value":"autor_de_la_publicacion","maxlength":"","allow_in_bindings":0,"placeholder":"","prepend":"","append":"","_name":"autor_de_la_publicacion","_valid":1}}},"_links":{"self":[{"href":"https:\/\/pluralizar.org\/index.php\/wp-json\/wp\/v2\/capitulo_de_libro\/847","targetHints":{"allow":["GET"]}}],"collection":[{"href":"https:\/\/pluralizar.org\/index.php\/wp-json\/wp\/v2\/capitulo_de_libro"}],"about":[{"href":"https:\/\/pluralizar.org\/index.php\/wp-json\/wp\/v2\/types\/capitulo_de_libro"}],"author":[{"embeddable":true,"href":"https:\/\/pluralizar.org\/index.php\/wp-json\/wp\/v2\/users\/2"}],"wp:attachment":[{"href":"https:\/\/pluralizar.org\/index.php\/wp-json\/wp\/v2\/media?parent=847"}],"wp:term":[{"taxonomy":"category","embeddable":true,"href":"https:\/\/pluralizar.org\/index.php\/wp-json\/wp\/v2\/categories?post=847"},{"taxonomy":"post_tag","embeddable":true,"href":"https:\/\/pluralizar.org\/index.php\/wp-json\/wp\/v2\/tags?post=847"}],"curies":[{"name":"wp","href":"https:\/\/api.w.org\/{rel}","templated":true}]}}