
   {"id":886,"date":"2025-11-30T13:13:13","date_gmt":"2025-11-30T13:13:13","guid":{"rendered":"https:\/\/pluralizar.org\/?post_type=articulos&#038;p=886"},"modified":"2025-11-30T13:14:40","modified_gmt":"2025-11-30T13:14:40","slug":"el-tdah-como-arreglo-entre-la-medicalizacion-y-la-neurodiversidad","status":"publish","type":"articulos","link":"https:\/\/pluralizar.org\/index.php\/articulos\/el-tdah-como-arreglo-entre-la-medicalizacion-y-la-neurodiversidad\/","title":{"rendered":"El TDAH como arreglo: entre la medicalizaci\u00f3n y la neurodiversidad"},"content":{"rendered":"\n<p><strong><em>Hugo Sir R., (Aceptado). El TDAH como arreglo: entre la medicalizaci\u00f3n y la neurodiversidad. En: Perspectiva, revista do centro de ciencias da educa\u00e7ao, 43(1): 1-24.<\/em><\/strong><\/p>\n\n\n\n<p><strong>Resumen:<\/strong> Este art\u00edculo ofrece una lectura afectiva de las pr\u00e1cticas atencionales de personas adultas diagnosticadas con TDAH para diversificar las narrativas disponibles m\u00e1s all\u00e1 de la medicalizaci\u00f3n y de versiones utilitaristas de la neurodiversidad. Con base en un trabajo de shadowing de seis personas adultas con trayectorias heterog\u00e9neas \u2014complementado por an\u00e1lisis documental geneal\u00f3gico\u2014 se aborda la atenci\u00f3n como pr\u00e1ctica colectiva y pre-individual, observando agenciamientos situados de objetos, cuerpos, tiempos y relaciones. El hallazgo central es una \u201cinquietud atencional\u201d interior y anterior que reordena biograf\u00edas adultas: eventos liminares y el destiempo del diagn\u00f3stico activan la b\u00fasqueda de \u201carreglos\u201d para habitar una diferencia sentida como propia. Estos arreglos se configuran en cuatro dimensiones interconectadas: (i) materialidades y t\u00e9cnicas de exteriorizaci\u00f3n de la atenci\u00f3n; (ii) usos estrat\u00e9gicos de f\u00e1rmacos y sustancias; (iii) modalidades de \u201csuspensi\u00f3n\u201d atencional mediadas digitalmente; y (iv) gesti\u00f3n de movimientos y energ\u00edas. Proponemos as\u00ed comprender el TDAH como un arreglo para lo que se vive como \u201csin arreglo\u201d: no solo un d\u00e9ficit a corregir, sino un modo de expresi\u00f3n leg\u00edtimo cuya estabilizaci\u00f3n requiere un \u201cgasto\u201d \u2014econ\u00f3mico, temporal, afectivo y relacional\u2014 a menudo invisibilizado. Este gasto est\u00e1 atravesado por vectores de diferenciaci\u00f3n (clase, g\u00e9nero) y condiciona qui\u00e9n puede afirmar su diferencia como valiosa. El art\u00edculo concluye invitando a desplazar el foco desde la correcci\u00f3n individual hacia condiciones institucionales que democratizen dicho gasto y ampl\u00eden la justicia social para la convivencia entre diversas modalidades atencionales.<\/p>\n\n\n\n<p><strong>Abstract<\/strong>: This article offers an affective reading of the attentional practices of adults diagnosed with ADHD to diversify available narratives beyond medicalization and utilitarian takes on neurodiversity. Drawing on shadowing of six adults with heterogeneous trajectories\u2014complemented by genealogically inspired documentary analysis\u2014the study treats attention as a collective, pre-individual practice, tracing situated assemblages of objects, bodies, times, and relations. The central finding is an interior and anterior \u201cattentional unease\u201d that reorganizes adult biographies: liminal events and the belatedness of diagnosis activate the search for \u201carrangements\u201d to inhabit a difference felt as one\u2019s own. These arrangements coalesce across four interconnected dimensions: (i) materialities and techniques that exteriorize attention; (ii) strategic uses of pharmaceuticals and other substances; (iii) digitally mediated modes of attentional \u201csuspension\u201d; and (iv) the management of movement and energy. We thus propose understanding ADHD as an arrangement for what is experienced as \u201cunfixable\u201d: not merely a deficit to be corrected, but a legitimate mode of expression whose stabilization requires \u201cexpenditure\u201d\u2014economic, temporal, affective, and relational\u2014often rendered invisible. This expenditure is shot through with vectors of differentiation (class, gender) and shapes who can assert difference as valuable. The article concludes by shifting the focus from individual correction toward institutional conditions that democratize such expenditure and broaden social justice for living together across diverse attentional modalities.<\/p>\n\n\n\n<div class=\"wp-block-pdfjsblock-pdfjs-embed pdfjs-wrapper\"><\/div>\n","protected":false},"excerpt":{"rendered":"<p>Hugo Sir R., (Aceptado). El TDAH como arreglo: entre la medicalizaci\u00f3n y la neurodiversidad. En: Perspectiva, revista do centro de ciencias da educa\u00e7ao, 43(1): 1-24. Resumen: Este art\u00edculo ofrece una lectura afectiva de las pr\u00e1cticas atencionales de personas adultas diagnosticadas con TDAH para diversificar las narrativas disponibles m\u00e1s all\u00e1 de la medicalizaci\u00f3n y de versiones [&hellip;]<\/p>\n","protected":false},"author":2,"featured_media":0,"menu_order":0,"template":"","format":"standard","meta":{"_acf_changed":true},"categories":[23],"tags":[],"class_list":["post-886","articulos","type-articulos","status-publish","format-standard","hentry","category-articulos"],"acf":{"autor_de_la_publicacion":{"simple_value_formatted":"Hugo Sir R.","value_formatted":"Hugo Sir R.","value":"Hugo Sir R.","field":{"ID":268,"key":"field_68497f4bb77ce","label":"Autor de la Publicaci\u00f3n","name":"autor_de_la_publicacion","aria-label":"","prefix":"acf","type":"text","value":null,"menu_order":0,"instructions":"","required":0,"id":"","class":"","conditional_logic":0,"parent":267,"wrapper":{"width":"","class":"","id":""},"default_value":"autor_de_la_publicacion","maxlength":"","allow_in_bindings":0,"placeholder":"","prepend":"","append":"","_name":"autor_de_la_publicacion","_valid":1}}},"_links":{"self":[{"href":"https:\/\/pluralizar.org\/index.php\/wp-json\/wp\/v2\/articulos\/886","targetHints":{"allow":["GET"]}}],"collection":[{"href":"https:\/\/pluralizar.org\/index.php\/wp-json\/wp\/v2\/articulos"}],"about":[{"href":"https:\/\/pluralizar.org\/index.php\/wp-json\/wp\/v2\/types\/articulos"}],"author":[{"embeddable":true,"href":"https:\/\/pluralizar.org\/index.php\/wp-json\/wp\/v2\/users\/2"}],"wp:attachment":[{"href":"https:\/\/pluralizar.org\/index.php\/wp-json\/wp\/v2\/media?parent=886"}],"wp:term":[{"taxonomy":"category","embeddable":true,"href":"https:\/\/pluralizar.org\/index.php\/wp-json\/wp\/v2\/categories?post=886"},{"taxonomy":"post_tag","embeddable":true,"href":"https:\/\/pluralizar.org\/index.php\/wp-json\/wp\/v2\/tags?post=886"}],"curies":[{"name":"wp","href":"https:\/\/api.w.org\/{rel}","templated":true}]}}